{"id":72,"date":"2020-11-04T17:03:03","date_gmt":"2020-11-04T16:03:03","guid":{"rendered":"https:\/\/www.cfa-europeen-louis-prioux.fr\/?page_id=72"},"modified":"2024-12-23T17:28:28","modified_gmt":"2024-12-23T16:28:28","slug":"commerce","status":"publish","type":"page","link":"https:\/\/www.cfa-europeen-louis-prioux.fr\/en\/commerce\/","title":{"rendered":"Trade"},"content":{"rendered":"<div class=\"wp-block-getwid-advanced-spacer\" style=\"height:100px\" aria-hidden=\"true\"><\/div>\n\n\n\n<div class=\"eplus-9y5bDI wp-block-group eplus-wrapper\"><div class=\"wp-block-group__inner-container is-layout-flow wp-block-group-is-layout-flow\">\n<h2 class=\"eplus-8vzskE wp-block-heading eplus-wrapper\">Les formations commerce<\/h2>\n\n\n<div class=\"eplus-pgMuJj wp-block-columns eplus-wrapper is-layout-flex wp-container-core-columns-is-layout-9d6595d7 wp-block-columns-is-layout-flex eplus-styles-uid-39a502\">\n<div class=\"eplus-6rJexo wp-block-column eplus-wrapper is-layout-flow wp-block-column-is-layout-flow\" style=\"flex-basis:350px\">\n<p class=\"eplus-u0sBtk eplus-wrapper\"><a href=\"https:\/\/www.cfa-europeen-louis-prioux.fr\/en\/cap-equipier-polyvalent-du-commerce\/\">CAP \u00c9quipier Polyvalent du Commerce<\/a><\/p>\n\n\n\n<p class=\"eplus-wrapper\"><a href=\"https:\/\/www.cfa-europeen-louis-prioux.fr\/en\/bac-pro-metier-du-commerce-et-de-la-vente\/\">BAC PRO M\u00e9tier du Commerce et de la Vente<\/a><\/p>\n\n\n\n<p class=\"eplus-wrapper\"><a href=\"https:\/\/www.cfa-europeen-louis-prioux.fr\/en\/bts-management-commercial-operationnel-2\/\">BTS Management Commercial et Op\u00e9rationnel<\/a><\/p>\n<\/div>\n\n\n\n<div class=\"wp-block-column eplus-wrapper is-layout-flow wp-block-column-is-layout-flow\"><\/div>\n\n\n\n<div class=\"wp-block-column eplus-wrapper is-layout-flow wp-block-column-is-layout-flow\">\n<div class=\"wp-block-stackable-button-group aligncenter stk-block-button-group stk-block stk-fef612e\" data-block-id=\"fef612e\"><style>.stk-fef612e .stk-button-group{flex-direction:row !important;align-items:center !important;}.stk-fef612e {min-height:0px !important;max-width:327px !important;min-width:auto !important;margin-right:0px !important;margin-bottom:0px !important;margin-left:auto !important;display:flex !important;}@media screen and (max-width: 1023px){.stk-fef612e .stk-button-group{flex-direction:row !important;}}@media screen and (max-width: 767px){.stk-fef612e .stk-button-group{flex-direction:row !important;}}<\/style><div class=\"stk-row stk-inner-blocks has-text-align-right stk-block-content stk-button-group\">\n<div class=\"wp-block-stackable-icon-button stk-block-icon-button stk-block stk-dcae8c3\" data-block-id=\"dcae8c3\"><style>.stk-dcae8c3 {min-height:0px !important;align-items:flex-end !important;max-width:1500px !important;min-width:auto !important;padding-top:0px !important;padding-right:0px !important;padding-bottom:0px !important;padding-left:0px !important;margin-right:0px !important;margin-left:auto !important;display:flex !important;}.stk-dcae8c3 .stk-button .stk--inner-svg svg:last-child{height:40px !important;width:40px !important;opacity:1 !important;transform:rotate(0deg) !important;margin-inline-start:0px !important;}<\/style><a class=\"stk-link stk-button stk--hover-effect-lift-scale\" href=\"https:\/\/www.cfa-europeen-louis-prioux.fr\/en\/formations\/informations-generales\/\" target=\"_blank\" rel=\"noreferrer noopener\"><span class=\"stk--svg-wrapper\"><div class=\"stk--inner-svg\"><svg xmlns=\"http:\/\/www.w3.org\/2000\/svg\" viewbox=\"0 0 512 512\" aria-hidden=\"true\" width=\"32\" height=\"32\"><path d=\"M256 8C119.043 8 8 119.083 8 256c0 136.997 111.043 248 248 248s248-111.003 248-248C504 119.083 392.957 8 256 8zm0 110c23.196 0 42 18.804 42 42s-18.804 42-42 42-42-18.804-42-42 18.804-42 42-42zm56 254c0 6.627-5.373 12-12 12h-88c-6.627 0-12-5.373-12-12v-24c0-6.627 5.373-12 12-12h12v-64h-12c-6.627 0-12-5.373-12-12v-24c0-6.627 5.373-12 12-12h64c6.627 0 12 5.373 12 12v100h12c6.627 0 12 5.373 12 12v24z\"><\/path><\/svg><\/div><\/span><\/a><\/div>\n\n\n\n<div class=\"wp-block-stackable-button stk-block-button has-text-align-center is-style-ghost stk-block stk-9f5627f\" data-block-id=\"9f5627f\"><style>.stk-9f5627f {max-width:1500px !important;min-width:auto !important;padding-top:0px !important;padding-right:0px !important;padding-bottom:0px !important;padding-left:0px !important;opacity:1 !important;}.stk-9f5627f .stk-button{background:transparent !important;}.stk-9f5627f .stk-button:hover:after{background:transparent !important;opacity:1 !important;}:where(.stk-hover-parent:hover,  .stk-hover-parent.stk--is-hovered) .stk-9f5627f .stk-button:after{background:transparent !important;opacity:1 !important;}.stk-9f5627f .stk-button:before{border-style:solid !important;}.stk-9f5627f .stk-button .stk--inner-svg svg:last-child{height:0px !important;width:0px !important;margin-inline-end:0px !important;}<\/style><a class=\"stk-link stk-button stk--hover-effect-lift-scale\" href=\"https:\/\/www.cfa-europeen-louis-prioux.fr\/en\/formations\/informations-generales\/\" target=\"_blank\" rel=\"noreferrer noopener\"><span class=\"stk-button__inner-text\">Informations <br>G\u00e9n\u00e9rales<br>Trainings<\/span><\/a><\/div>\n<\/div><\/div>\n<\/div>\n<\/div><\/div><\/div>\n\n\n\n<div class=\"wp-block-getwid-advanced-spacer\" style=\"height:29px\" aria-hidden=\"true\"><\/div>\n\n\n<style>.kb-gallery-id-72_5c72f4-74.kb-gallery-ul.kb-gallery-type-fluidcarousel .kt-blocks-carousel figure .kb-gal-image-radius, .kb-gallery-id-72_5c72f4-74.kb-gallery-ul.kb-gallery-type-fluidcarousel .kt-blocks-carousel figure .kb-gal-image-radius img{height:300px;}.kb-gallery-id-72_5c72f4-74 .kadence-blocks-gallery-item .kb-gal-image-radius, .kb-gallery-id-72_5c72f4-74 .kb-slide-item .kb-gal-image-radius img{border-radius:0px 0px 0px 0px;;}.kb-gallery-wrap-id-72_5c72f4-74.wp-block-kadence-advancedgallery{overflow:visible;}.kb-gallery-wrap-id-72_5c72f4-74.wp-block-kadence-advancedgallery .kt-blocks-carousel{overflow:visible;max-width:100%;}<\/style><div class=\"kb-gallery-wrap-id-72_5c72f4-74 alignwide alignwide wp-block-kadence-advancedgallery\"><div class=\"kb-gallery-ul kb-gallery-non-static kb-gallery-type-fluidcarousel kb-gallery-id-72_5c72f4-74 kb-gallery-caption-style-bottom-hover kb-gallery-filter-none\" data-image-filter=\"none\" data-lightbox-caption=\"true\"><div class=\"kt-blocks-carousel splide kt-carousel-container-dotstyle-dark kt-carousel-arrowstyle-whiteondark kt-carousel-dotstyle-dark kb-slider-group-arrow kb-slider-arrow-position-center\" data-slider-anim-speed=\"400\" data-slider-scroll=\"1\" data-slider-arrows=\"true\" data-slider-dots=\"true\" data-slider-hover-pause=\"false\" data-slider-auto=\"\" data-slider-speed=\"7000\" data-slider-type=\"fluidcarousel\" data-slider-center-mode=\"true\" data-slider-gap=\"10px\" data-slider-gap-tablet=\"10px\" data-slider-gap-mobile=\"10px\" data-show-pause-button=\"false\"><div class=\"splide__track\"><ul class=\"kt-blocks-carousel-init kb-blocks-fluid-carousel splide__list\"><li class=\"kb-slide-item kb-gallery-carousel-item splide__slide\"><div class=\"kadence-blocks-gallery-item\"><div class=\"kadence-blocks-gallery-item-inner\"><figure class=\"kb-gallery-figure kadence-blocks-gallery-item-hide-caption\"><div class=\"kb-gal-image-radius\"><div class=\"kb-gallery-image-contain\" ><img loading=\"lazy\" decoding=\"async\" width=\"300\" height=\"300\" src=\"https:\/\/www.cfa-europeen-louis-prioux.fr\/cfalp\/wp-content\/uploads\/2021\/03\/commerce-6.jpg\"   alt=\"\" data-full-image=\"https:\/\/www.cfa-europeen-louis-prioux.fr\/cfalp\/wp-content\/uploads\/2021\/03\/commerce-6.jpg\" data-light-image=\"https:\/\/www.cfa-europeen-louis-prioux.fr\/cfalp\/wp-content\/uploads\/2021\/03\/commerce-6.jpg\" data-id=\"1464\" class=\"wp-image-1464 skip-lazy\" srcset=\"https:\/\/www.cfa-europeen-louis-prioux.fr\/cfalp\/wp-content\/uploads\/2021\/03\/commerce-6.jpg 300w, https:\/\/www.cfa-europeen-louis-prioux.fr\/cfalp\/wp-content\/uploads\/2021\/03\/commerce-6-150x150.jpg 150w, https:\/\/www.cfa-europeen-louis-prioux.fr\/cfalp\/wp-content\/uploads\/2021\/03\/commerce-6-12x12.jpg 12w\" sizes=\"auto, (max-width: 300px) 100vw, 300px\" \/><\/div><\/div><\/figure><\/div><\/div><\/li><li class=\"kb-slide-item kb-gallery-carousel-item splide__slide\"><div class=\"kadence-blocks-gallery-item\"><div class=\"kadence-blocks-gallery-item-inner\"><figure class=\"kb-gallery-figure kadence-blocks-gallery-item-hide-caption\"><div class=\"kb-gal-image-radius\"><div class=\"kb-gallery-image-contain\" ><img loading=\"lazy\" decoding=\"async\" width=\"340\" height=\"340\" src=\"https:\/\/www.cfa-europeen-louis-prioux.fr\/cfalp\/wp-content\/uploads\/2021\/03\/commerce-2.jpg\"   alt=\"\" data-full-image=\"https:\/\/www.cfa-europeen-louis-prioux.fr\/cfalp\/wp-content\/uploads\/2021\/03\/commerce-2.jpg\" data-light-image=\"https:\/\/www.cfa-europeen-louis-prioux.fr\/cfalp\/wp-content\/uploads\/2021\/03\/commerce-2.jpg\" data-id=\"1364\" class=\"wp-image-1364 skip-lazy\" srcset=\"https:\/\/www.cfa-europeen-louis-prioux.fr\/cfalp\/wp-content\/uploads\/2021\/03\/commerce-2.jpg 340w, https:\/\/www.cfa-europeen-louis-prioux.fr\/cfalp\/wp-content\/uploads\/2021\/03\/commerce-2-300x300.jpg 300w, https:\/\/www.cfa-europeen-louis-prioux.fr\/cfalp\/wp-content\/uploads\/2021\/03\/commerce-2-150x150.jpg 150w, https:\/\/www.cfa-europeen-louis-prioux.fr\/cfalp\/wp-content\/uploads\/2021\/03\/commerce-2-12x12.jpg 12w\" sizes=\"auto, (max-width: 340px) 100vw, 340px\" \/><\/div><\/div><\/figure><\/div><\/div><\/li><li class=\"kb-slide-item kb-gallery-carousel-item splide__slide\"><div class=\"kadence-blocks-gallery-item\"><div class=\"kadence-blocks-gallery-item-inner\"><figure class=\"kb-gallery-figure kadence-blocks-gallery-item-hide-caption\"><div class=\"kb-gal-image-radius\"><div class=\"kb-gallery-image-contain\" ><img loading=\"lazy\" decoding=\"async\" width=\"417\" height=\"417\" src=\"https:\/\/www.cfa-europeen-louis-prioux.fr\/cfalp\/wp-content\/uploads\/2021\/03\/Commerce-1.jpg\"   alt=\"\" data-full-image=\"https:\/\/www.cfa-europeen-louis-prioux.fr\/cfalp\/wp-content\/uploads\/2021\/03\/Commerce-1.jpg\" data-light-image=\"https:\/\/www.cfa-europeen-louis-prioux.fr\/cfalp\/wp-content\/uploads\/2021\/03\/Commerce-1.jpg\" data-id=\"1363\" class=\"wp-image-1363 skip-lazy\" srcset=\"https:\/\/www.cfa-europeen-louis-prioux.fr\/cfalp\/wp-content\/uploads\/2021\/03\/Commerce-1.jpg 417w, https:\/\/www.cfa-europeen-louis-prioux.fr\/cfalp\/wp-content\/uploads\/2021\/03\/Commerce-1-300x300.jpg 300w, https:\/\/www.cfa-europeen-louis-prioux.fr\/cfalp\/wp-content\/uploads\/2021\/03\/Commerce-1-150x150.jpg 150w, https:\/\/www.cfa-europeen-louis-prioux.fr\/cfalp\/wp-content\/uploads\/2021\/03\/Commerce-1-12x12.jpg 12w\" sizes=\"auto, (max-width: 417px) 100vw, 417px\" \/><\/div><\/div><\/figure><\/div><\/div><\/li><li class=\"kb-slide-item kb-gallery-carousel-item splide__slide\"><div class=\"kadence-blocks-gallery-item\"><div class=\"kadence-blocks-gallery-item-inner\"><figure class=\"kb-gallery-figure kadence-blocks-gallery-item-hide-caption\"><div class=\"kb-gal-image-radius\"><div class=\"kb-gallery-image-contain\" ><img loading=\"lazy\" decoding=\"async\" width=\"340\" height=\"340\" src=\"https:\/\/www.cfa-europeen-louis-prioux.fr\/cfalp\/wp-content\/uploads\/2021\/03\/Commerce-4.jpg\"   alt=\"\" data-full-image=\"https:\/\/www.cfa-europeen-louis-prioux.fr\/cfalp\/wp-content\/uploads\/2021\/03\/Commerce-4.jpg\" data-light-image=\"https:\/\/www.cfa-europeen-louis-prioux.fr\/cfalp\/wp-content\/uploads\/2021\/03\/Commerce-4.jpg\" data-id=\"1366\" class=\"wp-image-1366 skip-lazy\" srcset=\"https:\/\/www.cfa-europeen-louis-prioux.fr\/cfalp\/wp-content\/uploads\/2021\/03\/Commerce-4.jpg 340w, https:\/\/www.cfa-europeen-louis-prioux.fr\/cfalp\/wp-content\/uploads\/2021\/03\/Commerce-4-300x300.jpg 300w, https:\/\/www.cfa-europeen-louis-prioux.fr\/cfalp\/wp-content\/uploads\/2021\/03\/Commerce-4-150x150.jpg 150w, https:\/\/www.cfa-europeen-louis-prioux.fr\/cfalp\/wp-content\/uploads\/2021\/03\/Commerce-4-12x12.jpg 12w\" sizes=\"auto, (max-width: 340px) 100vw, 340px\" \/><\/div><\/div><\/figure><\/div><\/div><\/li><\/ul><\/div><\/div><\/div><\/div>\n\n\n<div class=\"wp-block-getwid-advanced-spacer\" style=\"height:100px\" aria-hidden=\"true\"><\/div>\n\n\n\n<p class=\"eplus-GLSnen has-drop-cap eplus-wrapper\">In France, 635,800 people work in the commerce sector, spread over 11,250 sales outlets.<\/p>\n\n\n\n<p class=\"eplus-BOXzGY eplus-wrapper\">C&rsquo;est pourquoi le CFA Europ\u00e9en Louis Prioux situ\u00e9 dans le Grand-Est, vous offre la possibilit\u00e9 de se former aux diff\u00e9rents m\u00e9tiers du Commerce.<\/p>\n\n\n\n<p class=\"eplus-Nkjhea eplus-wrapper\">Commerce is a rapidly expanding sector that is tending to change as a result of digitalisation and the emergence of e-commerce. But it is still a profession with a bright future<\/p>\n\n\n\n<p class=\"eplus-L3RtMy eplus-wrapper\">The salesperson's job is to advise customers and to do everything possible to make the shop profitable. It is therefore important to listen to customers and to guide them in their search. The salesperson is expected to have a thorough knowledge of the products he or she offers to customers.<\/p>\n\n\n\n<p class=\"eplus-3yUaY9 eplus-wrapper\">The salesperson will need to show empathy, honesty, organization, perseverance and patience.<\/p>\n\n\n\n<p class=\"eplus-2zNOgL eplus-wrapper\">The seller has the opportunity to develop professionally and develop his personal abilities. He can take advantage of his position to strengthen his communication skills. Customer relations are very important in this sector.<\/p>\n\n\n\n<div class=\"wp-block-getwid-advanced-spacer\" style=\"height:100px\" aria-hidden=\"true\"><\/div>","protected":false},"excerpt":{"rendered":"<p>Les formations commerce CAP \u00c9quipier Polyvalent du Commerce BAC PRO M\u00e9tier du Commerce et de la Vente BTS Management Commercial et Op\u00e9rationnel En France, 635&nbsp;800 personnes travaillent dans le commerce et se r\u00e9partissent sur 11&nbsp;250 points de vente. C&rsquo;est pourquoi le CFA Europ\u00e9en Louis Prioux situ\u00e9 dans le Grand-Est, vous offre la possibilit\u00e9 de se&hellip;&nbsp;<a href=\"https:\/\/www.cfa-europeen-louis-prioux.fr\/en\/commerce\/\" rel=\"bookmark\">Read More &raquo;<span class=\"screen-reader-text\">Trade<\/span><\/a><\/p>","protected":false},"author":1,"featured_media":0,"parent":0,"menu_order":0,"comment_status":"closed","ping_status":"closed","template":"","meta":{"editor_plus_copied_stylings":"{}","kk_blocks_editor_width":"","_kiokenblocks_attr":"","_kiokenblocks_dimensions":"","neve_meta_sidebar":"","neve_meta_container":"","neve_meta_enable_content_width":"","neve_meta_content_width":0,"neve_meta_title_alignment":"","neve_meta_author_avatar":"","neve_post_elements_order":"","neve_meta_disable_header":"","neve_meta_disable_footer":"","neve_meta_disable_title":"","neve_meta_reading_time":"","_themeisle_gutenberg_block_has_review":false,"footnotes":""},"class_list":["post-72","page","type-page","status-publish","hentry"],"featured_image_urls_v2":{"full":"","thumbnail":"","medium":"","medium_large":"","large":"","1536x1536":"","2048x2048":"","trp-custom-language-flag":"","neve-blog":"","woocommerce_thumbnail":"","woocommerce_single":"","woocommerce_gallery_thumbnail":"","awb_sm":"","awb_md":"","awb_lg":"","awb_xl":""},"post_excerpt_stackable_v2":"<p>Les formations commerce CAP \u00c9quipier Polyvalent du Commerce BAC PRO M\u00e9tier du Commerce et de la Vente BTS Management Commercial et Op\u00e9rationnel Informations G\u00e9n\u00e9ralesFormations En France, 635&nbsp;800 personnes travaillent dans le commerce et se r\u00e9partissent sur 11&nbsp;250 points de vente. C&rsquo;est pourquoi le CFA Europ\u00e9en Louis Prioux situ\u00e9 dans le Grand-Est, vous offre la possibilit\u00e9 de se former aux diff\u00e9rents m\u00e9tiers du Commerce. Le commerce est un secteur en pleine extension qui a tendance \u00e0 changer suite \u00e0 la digitalisation et l\u2019apparition du e-commerce. Mais il n\u2019en reste pas moins un m\u00e9tier avec de belles perspectives d\u2019avenir. Le vendeur a&hellip;<\/p>\n","category_list_v2":"","author_info_v2":{"name":"admin","url":"https:\/\/www.cfa-europeen-louis-prioux.fr\/en\/author\/admin\/"},"comments_num_v2":"0 comments","_links":{"self":[{"href":"https:\/\/www.cfa-europeen-louis-prioux.fr\/en\/wp-json\/wp\/v2\/pages\/72","targetHints":{"allow":["GET"]}}],"collection":[{"href":"https:\/\/www.cfa-europeen-louis-prioux.fr\/en\/wp-json\/wp\/v2\/pages"}],"about":[{"href":"https:\/\/www.cfa-europeen-louis-prioux.fr\/en\/wp-json\/wp\/v2\/types\/page"}],"author":[{"embeddable":true,"href":"https:\/\/www.cfa-europeen-louis-prioux.fr\/en\/wp-json\/wp\/v2\/users\/1"}],"replies":[{"embeddable":true,"href":"https:\/\/www.cfa-europeen-louis-prioux.fr\/en\/wp-json\/wp\/v2\/comments?post=72"}],"version-history":[{"count":7,"href":"https:\/\/www.cfa-europeen-louis-prioux.fr\/en\/wp-json\/wp\/v2\/pages\/72\/revisions"}],"predecessor-version":[{"id":4639,"href":"https:\/\/www.cfa-europeen-louis-prioux.fr\/en\/wp-json\/wp\/v2\/pages\/72\/revisions\/4639"}],"wp:attachment":[{"href":"https:\/\/www.cfa-europeen-louis-prioux.fr\/en\/wp-json\/wp\/v2\/media?parent=72"}],"curies":[{"name":"wp","href":"https:\/\/api.w.org\/{rel}","templated":true}]}}