{"id":1699,"date":"2021-03-29T14:39:08","date_gmt":"2021-03-29T12:39:08","guid":{"rendered":"https:\/\/www.cfa-europeen-louis-prioux.fr\/?page_id=1699"},"modified":"2024-12-23T10:56:09","modified_gmt":"2024-12-23T09:56:09","slug":"hebergement-restauration","status":"publish","type":"page","link":"https:\/\/www.cfa-europeen-louis-prioux.fr\/en\/hebergement-restauration\/","title":{"rendered":"H\u00e9bergement et restauration au CFA"},"content":{"rendered":"<p class=\"eplus-wrapper\">Les apprentis peuvent \u00eatre accueillis en qualit\u00e9 de demi-pensionnaires (repas du midi) ou d&rsquo;internes (tous les repas et les nuits).<br>Les&nbsp;BTS, les CQP peuvent avoir un r\u00e9gime am\u00e9nag\u00e9.<\/p>\n\n\n\n<div class=\"wp-block-getwid-advanced-spacer\" style=\"height:100px\" aria-hidden=\"true\"><\/div>\n\n\n<style>.kb-gallery-id-1699_9c5dfc-2d.kb-gallery-ul.kb-gallery-type-fluidcarousel .kt-blocks-carousel figure .kb-gal-image-radius, .kb-gallery-id-1699_9c5dfc-2d.kb-gallery-ul.kb-gallery-type-fluidcarousel .kt-blocks-carousel figure .kb-gal-image-radius img{height:300px;}.kb-gallery-id-1699_9c5dfc-2d .kadence-blocks-gallery-item .kb-gal-image-radius, .kb-gallery-id-1699_9c5dfc-2d .kb-slide-item .kb-gal-image-radius img{border-radius:0px 0px 0px 0px;;}.kb-gallery-wrap-id-1699_9c5dfc-2d.wp-block-kadence-advancedgallery{overflow:visible;}.kb-gallery-wrap-id-1699_9c5dfc-2d.wp-block-kadence-advancedgallery .kt-blocks-carousel{overflow:visible;max-width:100%;}<\/style><div class=\"kb-gallery-wrap-id-1699_9c5dfc-2d alignwide alignwide wp-block-kadence-advancedgallery\"><div class=\"kb-gallery-ul kb-gallery-non-static kb-gallery-type-fluidcarousel kb-gallery-id-1699_9c5dfc-2d kb-gallery-caption-style-bottom-hover kb-gallery-filter-none\" data-image-filter=\"none\" data-lightbox-caption=\"true\"><div class=\"kt-blocks-carousel splide kt-carousel-container-dotstyle-dark kt-carousel-arrowstyle-whiteondark kt-carousel-dotstyle-dark kb-slider-group-arrow kb-slider-arrow-position-center\" data-slider-anim-speed=\"400\" data-slider-scroll=\"1\" data-slider-arrows=\"true\" data-slider-dots=\"true\" data-slider-hover-pause=\"false\" data-slider-auto=\"\" data-slider-speed=\"7000\" data-slider-type=\"fluidcarousel\" data-slider-center-mode=\"true\" data-slider-gap=\"10px\" data-slider-gap-tablet=\"10px\" data-slider-gap-mobile=\"10px\" data-show-pause-button=\"false\"><div class=\"splide__track\"><ul class=\"kt-blocks-carousel-init kb-blocks-fluid-carousel splide__list\"><li class=\"kb-slide-item kb-gallery-carousel-item splide__slide\"><div class=\"kadence-blocks-gallery-item\"><div class=\"kadence-blocks-gallery-item-inner\"><figure class=\"kb-gallery-figure kadence-blocks-gallery-item-hide-caption\"><div class=\"kb-gal-image-radius\"><div class=\"kb-gallery-image-contain\" ><img loading=\"lazy\" decoding=\"async\" src=\"https:\/\/www.cfa-europeen-louis-prioux.fr\/cfalp\/wp-content\/uploads\/2021\/03\/HR1.jpg\" width=\"960\" height=\"720\" alt=\"\" data-full-image=\"https:\/\/www.cfa-europeen-louis-prioux.fr\/cfalp\/wp-content\/uploads\/2021\/03\/HR1.jpg\" data-light-image=\"https:\/\/www.cfa-europeen-louis-prioux.fr\/cfalp\/wp-content\/uploads\/2021\/03\/HR1.jpg\" data-id=\"1711\" class=\"wp-image-1711 skip-lazy\" srcset=\"https:\/\/www.cfa-europeen-louis-prioux.fr\/cfalp\/wp-content\/uploads\/2021\/03\/HR1.jpg 960w, https:\/\/www.cfa-europeen-louis-prioux.fr\/cfalp\/wp-content\/uploads\/2021\/03\/HR1-300x225.jpg 300w, https:\/\/www.cfa-europeen-louis-prioux.fr\/cfalp\/wp-content\/uploads\/2021\/03\/HR1-768x576.jpg 768w, https:\/\/www.cfa-europeen-louis-prioux.fr\/cfalp\/wp-content\/uploads\/2021\/03\/HR1-16x12.jpg 16w, https:\/\/www.cfa-europeen-louis-prioux.fr\/cfalp\/wp-content\/uploads\/2021\/03\/HR1-500x375.jpg 500w, https:\/\/www.cfa-europeen-louis-prioux.fr\/cfalp\/wp-content\/uploads\/2021\/03\/HR1-800x600.jpg 800w\" sizes=\"auto, (max-width: 960px) 100vw, 960px\" \/><\/div><\/div><\/figure><\/div><\/div><\/li><li class=\"kb-slide-item kb-gallery-carousel-item splide__slide\"><div class=\"kadence-blocks-gallery-item\"><div class=\"kadence-blocks-gallery-item-inner\"><figure class=\"kb-gallery-figure kadence-blocks-gallery-item-hide-caption\"><div class=\"kb-gal-image-radius\"><div class=\"kb-gallery-image-contain\" ><img loading=\"lazy\" decoding=\"async\" src=\"https:\/\/www.cfa-europeen-louis-prioux.fr\/cfalp\/wp-content\/uploads\/2021\/03\/HR2.jpg\" width=\"477\" height=\"421\" alt=\"\" data-full-image=\"https:\/\/www.cfa-europeen-louis-prioux.fr\/cfalp\/wp-content\/uploads\/2021\/03\/HR2.jpg\" data-light-image=\"https:\/\/www.cfa-europeen-louis-prioux.fr\/cfalp\/wp-content\/uploads\/2021\/03\/HR2.jpg\" data-id=\"1712\" class=\"wp-image-1712 skip-lazy\" srcset=\"https:\/\/www.cfa-europeen-louis-prioux.fr\/cfalp\/wp-content\/uploads\/2021\/03\/HR2.jpg 477w, https:\/\/www.cfa-europeen-louis-prioux.fr\/cfalp\/wp-content\/uploads\/2021\/03\/HR2-300x265.jpg 300w, https:\/\/www.cfa-europeen-louis-prioux.fr\/cfalp\/wp-content\/uploads\/2021\/03\/HR2-14x12.jpg 14w\" sizes=\"auto, (max-width: 477px) 100vw, 477px\" \/><\/div><\/div><\/figure><\/div><\/div><\/li><li class=\"kb-slide-item kb-gallery-carousel-item splide__slide\"><div class=\"kadence-blocks-gallery-item\"><div class=\"kadence-blocks-gallery-item-inner\"><figure class=\"kb-gallery-figure kadence-blocks-gallery-item-hide-caption\"><div class=\"kb-gal-image-radius\"><div class=\"kb-gallery-image-contain\" ><img loading=\"lazy\" decoding=\"async\" src=\"https:\/\/www.cfa-europeen-louis-prioux.fr\/cfalp\/wp-content\/uploads\/2021\/03\/HR3.jpg\" width=\"584\" height=\"531\" alt=\"\" data-full-image=\"https:\/\/www.cfa-europeen-louis-prioux.fr\/cfalp\/wp-content\/uploads\/2021\/03\/HR3.jpg\" data-light-image=\"https:\/\/www.cfa-europeen-louis-prioux.fr\/cfalp\/wp-content\/uploads\/2021\/03\/HR3.jpg\" data-id=\"1713\" class=\"wp-image-1713 skip-lazy\" srcset=\"https:\/\/www.cfa-europeen-louis-prioux.fr\/cfalp\/wp-content\/uploads\/2021\/03\/HR3.jpg 584w, https:\/\/www.cfa-europeen-louis-prioux.fr\/cfalp\/wp-content\/uploads\/2021\/03\/HR3-300x273.jpg 300w, https:\/\/www.cfa-europeen-louis-prioux.fr\/cfalp\/wp-content\/uploads\/2021\/03\/HR3-13x12.jpg 13w, https:\/\/www.cfa-europeen-louis-prioux.fr\/cfalp\/wp-content\/uploads\/2021\/03\/HR3-500x455.jpg 500w\" sizes=\"auto, (max-width: 584px) 100vw, 584px\" \/><\/div><\/div><\/figure><\/div><\/div><\/li><li class=\"kb-slide-item kb-gallery-carousel-item splide__slide\"><div class=\"kadence-blocks-gallery-item\"><div class=\"kadence-blocks-gallery-item-inner\"><figure class=\"kb-gallery-figure kadence-blocks-gallery-item-hide-caption\"><div class=\"kb-gal-image-radius\"><div class=\"kb-gallery-image-contain\" ><img loading=\"lazy\" decoding=\"async\" src=\"https:\/\/www.cfa-europeen-louis-prioux.fr\/cfalp\/wp-content\/uploads\/2021\/03\/HR4.jpg\" width=\"559\" height=\"398\" alt=\"\" data-full-image=\"https:\/\/www.cfa-europeen-louis-prioux.fr\/cfalp\/wp-content\/uploads\/2021\/03\/HR4.jpg\" data-light-image=\"https:\/\/www.cfa-europeen-louis-prioux.fr\/cfalp\/wp-content\/uploads\/2021\/03\/HR4.jpg\" data-id=\"1714\" class=\"wp-image-1714 skip-lazy\" srcset=\"https:\/\/www.cfa-europeen-louis-prioux.fr\/cfalp\/wp-content\/uploads\/2021\/03\/HR4.jpg 559w, https:\/\/www.cfa-europeen-louis-prioux.fr\/cfalp\/wp-content\/uploads\/2021\/03\/HR4-300x214.jpg 300w, https:\/\/www.cfa-europeen-louis-prioux.fr\/cfalp\/wp-content\/uploads\/2021\/03\/HR4-16x12.jpg 16w, https:\/\/www.cfa-europeen-louis-prioux.fr\/cfalp\/wp-content\/uploads\/2021\/03\/HR4-500x356.jpg 500w\" sizes=\"auto, (max-width: 559px) 100vw, 559px\" \/><\/div><\/div><\/figure><\/div><\/div><\/li><li class=\"kb-slide-item kb-gallery-carousel-item splide__slide\"><div class=\"kadence-blocks-gallery-item\"><div class=\"kadence-blocks-gallery-item-inner\"><figure class=\"kb-gallery-figure kadence-blocks-gallery-item-hide-caption\"><div class=\"kb-gal-image-radius\"><div class=\"kb-gallery-image-contain\" ><img loading=\"lazy\" decoding=\"async\" src=\"https:\/\/www.cfa-europeen-louis-prioux.fr\/cfalp\/wp-content\/uploads\/2021\/03\/HR5.jpg\" width=\"882\" height=\"661\" alt=\"\" data-full-image=\"https:\/\/www.cfa-europeen-louis-prioux.fr\/cfalp\/wp-content\/uploads\/2021\/03\/HR5.jpg\" data-light-image=\"https:\/\/www.cfa-europeen-louis-prioux.fr\/cfalp\/wp-content\/uploads\/2021\/03\/HR5.jpg\" data-id=\"1715\" class=\"wp-image-1715 skip-lazy\" srcset=\"https:\/\/www.cfa-europeen-louis-prioux.fr\/cfalp\/wp-content\/uploads\/2021\/03\/HR5.jpg 882w, https:\/\/www.cfa-europeen-louis-prioux.fr\/cfalp\/wp-content\/uploads\/2021\/03\/HR5-300x225.jpg 300w, https:\/\/www.cfa-europeen-louis-prioux.fr\/cfalp\/wp-content\/uploads\/2021\/03\/HR5-768x576.jpg 768w, https:\/\/www.cfa-europeen-louis-prioux.fr\/cfalp\/wp-content\/uploads\/2021\/03\/HR5-16x12.jpg 16w, https:\/\/www.cfa-europeen-louis-prioux.fr\/cfalp\/wp-content\/uploads\/2021\/03\/HR5-500x375.jpg 500w, https:\/\/www.cfa-europeen-louis-prioux.fr\/cfalp\/wp-content\/uploads\/2021\/03\/HR5-800x600.jpg 800w\" sizes=\"auto, (max-width: 882px) 100vw, 882px\" \/><\/div><\/div><\/figure><\/div><\/div><\/li><li class=\"kb-slide-item kb-gallery-carousel-item splide__slide\"><div class=\"kadence-blocks-gallery-item\"><div class=\"kadence-blocks-gallery-item-inner\"><figure class=\"kb-gallery-figure kadence-blocks-gallery-item-hide-caption\"><div class=\"kb-gal-image-radius\"><div class=\"kb-gallery-image-contain\" ><img loading=\"lazy\" decoding=\"async\" src=\"https:\/\/www.cfa-europeen-louis-prioux.fr\/cfalp\/wp-content\/uploads\/2021\/03\/HR6.jpg\" width=\"630\" height=\"575\" alt=\"\" data-full-image=\"https:\/\/www.cfa-europeen-louis-prioux.fr\/cfalp\/wp-content\/uploads\/2021\/03\/HR6.jpg\" data-light-image=\"https:\/\/www.cfa-europeen-louis-prioux.fr\/cfalp\/wp-content\/uploads\/2021\/03\/HR6.jpg\" data-id=\"1716\" class=\"wp-image-1716 skip-lazy\" srcset=\"https:\/\/www.cfa-europeen-louis-prioux.fr\/cfalp\/wp-content\/uploads\/2021\/03\/HR6.jpg 630w, https:\/\/www.cfa-europeen-louis-prioux.fr\/cfalp\/wp-content\/uploads\/2021\/03\/HR6-300x274.jpg 300w, https:\/\/www.cfa-europeen-louis-prioux.fr\/cfalp\/wp-content\/uploads\/2021\/03\/HR6-13x12.jpg 13w, https:\/\/www.cfa-europeen-louis-prioux.fr\/cfalp\/wp-content\/uploads\/2021\/03\/HR6-500x456.jpg 500w\" sizes=\"auto, (max-width: 630px) 100vw, 630px\" \/><\/div><\/div><\/figure><\/div><\/div><\/li><li class=\"kb-slide-item kb-gallery-carousel-item splide__slide\"><div class=\"kadence-blocks-gallery-item\"><div class=\"kadence-blocks-gallery-item-inner\"><figure class=\"kb-gallery-figure kadence-blocks-gallery-item-hide-caption\"><div class=\"kb-gal-image-radius\"><div class=\"kb-gallery-image-contain\" ><img loading=\"lazy\" decoding=\"async\" src=\"https:\/\/www.cfa-europeen-louis-prioux.fr\/cfalp\/wp-content\/uploads\/2021\/03\/HR7.jpg\" width=\"856\" height=\"642\" alt=\"\" data-full-image=\"https:\/\/www.cfa-europeen-louis-prioux.fr\/cfalp\/wp-content\/uploads\/2021\/03\/HR7.jpg\" data-light-image=\"https:\/\/www.cfa-europeen-louis-prioux.fr\/cfalp\/wp-content\/uploads\/2021\/03\/HR7.jpg\" data-id=\"1717\" class=\"wp-image-1717 skip-lazy\" srcset=\"https:\/\/www.cfa-europeen-louis-prioux.fr\/cfalp\/wp-content\/uploads\/2021\/03\/HR7.jpg 856w, https:\/\/www.cfa-europeen-louis-prioux.fr\/cfalp\/wp-content\/uploads\/2021\/03\/HR7-300x225.jpg 300w, https:\/\/www.cfa-europeen-louis-prioux.fr\/cfalp\/wp-content\/uploads\/2021\/03\/HR7-768x576.jpg 768w, https:\/\/www.cfa-europeen-louis-prioux.fr\/cfalp\/wp-content\/uploads\/2021\/03\/HR7-16x12.jpg 16w, https:\/\/www.cfa-europeen-louis-prioux.fr\/cfalp\/wp-content\/uploads\/2021\/03\/HR7-500x375.jpg 500w, https:\/\/www.cfa-europeen-louis-prioux.fr\/cfalp\/wp-content\/uploads\/2021\/03\/HR7-800x600.jpg 800w\" sizes=\"auto, (max-width: 856px) 100vw, 856px\" \/><\/div><\/div><\/figure><\/div><\/div><\/li><\/ul><\/div><\/div><\/div><\/div>\n\n\n<div class=\"wp-block-getwid-advanced-spacer\" style=\"height:100px\" aria-hidden=\"true\"><\/div>\n\n\n\n<h2 class=\"wp-block-heading eplus-wrapper\"><strong>H\u00e9bergement<\/strong><\/h2>\n\n\n\n<p class=\"eplus-wrapper\">Le CFA Louis Prioux assure&nbsp;une&nbsp;prestation&nbsp;d\u2019h\u00e9bergement \u00e0 destination des apprenants.<br>Les apprentis ne sont pas h\u00e9berg\u00e9s pendant leur semaine en entreprise, sauf \u00e9tude au cas par cas et en fonction des places disponibles.<br><strong>L&rsquo;internat est ferm\u00e9 le week-end.<\/strong><br>Le r\u00e8glement se fait par trimestre. <strong>Aucun changement de r\u00e9gime ne peut intervenir au cours du trimestre.<\/strong><\/p>\n\n\n\n<h2 class=\"wp-block-heading has-text-align-center eplus-wrapper\"><strong>Notre Internat en d\u00e9tails :<\/strong><\/h2>\n\n\n\n<div class=\"ticss-a52359bd wp-block-group eplus-wrapper is-content-justification-space-between is-nowrap is-layout-flex wp-container-core-group-is-layout-0dfbf163 wp-block-group-is-layout-flex\"><figure class=\"wp-block-pullquote has-custom-weight eplus-wrapper eplus-styles-uid-f4cac0\" style=\"font-weight:900\"><blockquote><p> \u00e0 partir de<br><strong>18h15<\/strong> <br>jusqu&rsquo;\u00e0 <br><strong>7h45<\/strong> <\/p><cite><strong>Horaires d\u2019ouverture<\/strong><\/cite><\/blockquote><\/figure>\n\n<figure class=\"wp-block-pullquote eplus-wrapper eplus-styles-uid-f4cac0\"><blockquote><p> <strong>100 chambres <\/strong><br>(de 1 \u00e0 3 lits) <br><strong>plus 5 studios<\/strong><br>une total de <strong>150 lits<\/strong> <\/p><cite><strong><strong>Capacit\u00e9 d\u2019accueil<\/strong><\/strong><\/cite><\/blockquote><\/figure>\n\n\n<figure class=\"wp-block-pullquote eplus-wrapper\"><blockquote><p>&#8211; <strong>salle de bain<\/strong> <br>&#8211; <strong>sanitaires<\/strong> <br>&#8211; <strong>espace bureau <\/strong><br> &#8211; acc\u00e8s <strong>Internet <\/strong><\/p><cite><strong>\u00c9quipements de chaque chambre<\/strong><\/cite><\/blockquote><\/figure>\n\n\n<figure class=\"wp-block-pullquote eplus-wrapper eplus-styles-uid-f4cac0\"><blockquote><p>&#8211; <strong>espace conviviale<\/strong><br>&#8211; <strong>coin lecture<\/strong><br>&#8211; <strong>espace bureau<\/strong><br>&#8211; <strong>animations<\/strong><\/p><cite><strong><strong>Foyer des Jeunes<\/strong><\/strong><\/cite><\/blockquote><\/figure><\/div>\n\n\n\n<div class=\"ticss-a52359bd wp-block-group eplus-wrapper is-content-justification-space-between is-nowrap is-layout-flex wp-container-core-group-is-layout-0dfbf163 wp-block-group-is-layout-flex\"><figure class=\"wp-block-pullquote has-custom-weight eplus-wrapper eplus-styles-uid-f4cac0\" style=\"font-weight:900\"><blockquote><p>l\u2019<strong>encadrement<\/strong> <br>et la <strong>surveillance <\/strong><br>sont assur\u00e9s par <br>des <strong>ma\u00eetres d\u2019internat<\/strong> et un <strong>animateur<\/strong><\/p><cite><strong>Cadre de vie<\/strong><\/cite><\/blockquote><\/figure>\n\n<figure class=\"wp-block-pullquote eplus-wrapper eplus-styles-uid-f4cac0\"><blockquote><p><strong>&#8211; jeux de soci\u00e9t\u00e9<br>&#8211; baby-foot\/ping-pong<br>&#8211; salle de musculation<br>&#8211; salle multim\u00e9dia<br>&#8211; sortie cin\u00e9ma \u2026<\/strong><\/p><cite><strong><strong>Animations<\/strong><\/strong><\/cite><\/blockquote><\/figure>\n\n\n<figure class=\"wp-block-pullquote eplus-wrapper\"><blockquote><p><strong>2 soir\u00e9es par semaine<\/strong> <br>sont d\u00e9di\u00e9es \u00e0 <strong>l\u2019\u00e9tude<\/strong>, <br> travail individuel : <br><strong>devoirs, r\u00e9visions,  <br>dossiers d&rsquo;examen <\/strong><\/p><cite><strong>Heures d&rsquo;\u00e9tude<\/strong><\/cite><\/blockquote><\/figure>\n\n\n<figure class=\"wp-block-pullquote eplus-wrapper eplus-styles-uid-f4cac0\"><blockquote><p>les <strong>mercredis<\/strong> <br>de <strong>18h00 \u00e0 21h00<\/strong> pour les apprentis <strong>majeurs <\/strong>avec l\u2019<strong>autorisation<br>de l&#8217;employeur<\/strong><\/p><cite><strong><strong>Sortie libre<\/strong><\/strong><\/cite><\/blockquote><\/figure><\/div>\n\n\n\n<div class=\"wp-block-group eplus-wrapper is-nowrap is-layout-flex wp-container-core-group-is-layout-ad2f72ca wp-block-group-is-layout-flex\">\n<p class=\"eplus-fG9J7g eplus-wrapper\"><\/p>\n<\/div>\n\n\n\n<div class=\"wp-block-getwid-icon-box has-text-center\"><div class=\"wp-block-getwid-icon-box__icon-container is-position-top\"><a href=\"https:\/\/www.cfa-europeen-louis-prioux.fr\/cfalp\/wp-content\/uploads\/2024\/12\/charte-de-linternat_2024.pdf\" target=\"_blank\" rel=\"noreferrer noopener\" class=\"wp-block-getwid-icon-box__icon-wrapper\"><i class=\"far fa-file-pdf\"><\/i><\/a><\/div><div class=\"wp-block-getwid-icon-box__content\">\n<h3 class=\"wp-block-heading eplus-NVjuMU eplus-wrapper\"><a href=\"https:\/\/www.cfa-europeen-louis-prioux.fr\/cfalp\/wp-content\/uploads\/2024\/12\/charte-de-linternat_2024.pdf\" target=\"_blank\" rel=\"noreferrer noopener\">Charte de l&rsquo;internat &#8211; CFA Europ\u00e9en Louis Prioux &#8211; Bar Le Duc<\/a><\/h3>\n\n\n\n<p class=\"eplus-tfKC92 eplus-wrapper\"><a href=\"https:\/\/www.cfa-europeen-louis-prioux.fr\/cfalp\/wp-content\/uploads\/2024\/12\/charte-de-linternat_2024.pdf\" target=\"_blank\" rel=\"noreferrer noopener\">T\u00e9l\u00e9chargez le r\u00e8glement complet de l&rsquo;internat<\/a><\/p>\n<\/div><\/div>\n\n\n<div class=\"ticss-af455bce wp-block-group eplus-wrapper eplus-styles-uid-180aac\"><div class=\"wp-block-group__inner-container is-layout-flow wp-block-group-is-layout-flow\">\n<div class=\"wp-block-getwid-advanced-spacer\" style=\"height:20px\" aria-hidden=\"true\"><\/div>\n\n\n\n<h3 class=\"eplus-YFztEC wp-block-heading has-text-align-center eplus-wrapper\">Le foyer de l&rsquo;internat<\/h3>\n\n\n\n<p class=\"eplus-L6ORPH has-text-align-center eplus-wrapper\">Un nouvel espace convivial vient d\u2019\u00eatre cr\u00e9e pour les soir\u00e9es de nos apprentis.<br>Mise \u00e0 disposition de livres de lecture, de revues sp\u00e9cialis\u00e9es pour chaque m\u00e9tier, de livres p\u00e9dagogiques de cours.<br>D\u2019autres animations sont disponibles\u00a0: babyfoot, ping-pong, salle multim\u00e9dia.<\/p>\n\n\n\n<div class=\"wp-block-getwid-advanced-spacer\" style=\"height:20px\" aria-hidden=\"true\"><\/div>\n<\/div><\/div>\n\n\n<div class=\"wp-block-getwid-advanced-spacer\" style=\"height:100px\" aria-hidden=\"true\"><\/div>\n\n\n\n<h2 class=\"wp-block-heading eplus-wrapper\"><strong>Restauration<\/strong><\/h2>\n\n\n\n<p class=\"eplus-wrapper\">Le CFA Louis Prioux poss\u00e8de un restaurant en self-service. <br>Le self propose une restauration de qualit\u00e9 (choix multiple), aliment\u00e9 aussi par les productions des laboratoires alimentaires.<br>L\u2019\u00e9tablissement dispose \u00e9galement d\u2019un <a href=\"https:\/\/www.cfa-europeen-louis-prioux.fr\/en\/reservation\/\"><strong>restaurant d\u2019application<\/strong><\/a> ouvert \u00e0 des personnes et des groupes ext\u00e9rieurs.<\/p>\n\n\n\n<div class=\"wp-block-getwid-advanced-spacer\" style=\"height:100px\" aria-hidden=\"true\"><\/div>\n\n\n\n<h2 class=\"wp-block-heading eplus-wrapper\"><strong><a href=\"https:\/\/www.cfa-europeen-louis-prioux.fr\/cfalp\/wp-content\/uploads\/2024\/12\/Tarifs-2024_2025.pdf\" target=\"_blank\" rel=\"noreferrer noopener\">Tarifs 2024 \/ 2025<\/a><\/strong><\/h2>\n\n\n\n<div class=\"wp-block-kioken-imagebox text-align-none kt-imagebox__ce4226-81\" data-tilt-max=\"15\"><div class=\"overflow-hidden box-wrap\"><div class=\"wp-block-kioken-imagebox__inner pos-abs-zeropos kt_flex_justifystart\"><a target=\"_blank\" rel=\"noopener noreferrer\" href=\"https:\/\/www.cfa-europeen-louis-prioux.fr\/cfalp\/wp-content\/uploads\/2024\/12\/Tarifs-2024_2025.pdf\" class=\"coverlink\"><\/a><div class=\"the-content\"><\/div><\/div><div class=\"overflow-hidden imgwrap\"><img loading=\"lazy\" decoding=\"async\" width=\"822\" height=\"660\" src=\"https:\/\/www.cfa-europeen-louis-prioux.fr\/cfalp\/wp-content\/uploads\/2024\/12\/Tarifs-2024_2025_site_-1.png\" class=\"wp-image-4449 wp-block-kioken-imagebox__img\" srcset=\"https:\/\/www.cfa-europeen-louis-prioux.fr\/cfalp\/wp-content\/uploads\/2024\/12\/Tarifs-2024_2025_site_-1.png 822w, https:\/\/www.cfa-europeen-louis-prioux.fr\/cfalp\/wp-content\/uploads\/2024\/12\/Tarifs-2024_2025_site_-1-300x241.png 300w, https:\/\/www.cfa-europeen-louis-prioux.fr\/cfalp\/wp-content\/uploads\/2024\/12\/Tarifs-2024_2025_site_-1-768x617.png 768w, https:\/\/www.cfa-europeen-louis-prioux.fr\/cfalp\/wp-content\/uploads\/2024\/12\/Tarifs-2024_2025_site_-1-15x12.png 15w, https:\/\/www.cfa-europeen-louis-prioux.fr\/cfalp\/wp-content\/uploads\/2024\/12\/Tarifs-2024_2025_site_-1-500x401.png 500w, https:\/\/www.cfa-europeen-louis-prioux.fr\/cfalp\/wp-content\/uploads\/2024\/12\/Tarifs-2024_2025_site_-1-800x642.png 800w, https:\/\/www.cfa-europeen-louis-prioux.fr\/cfalp\/wp-content\/uploads\/2024\/12\/Tarifs-2024_2025_site_-1-600x482.png 600w\" sizes=\"auto, (max-width: 822px) 100vw, 822px\" \/><\/div><\/div><\/div>\n\n\n<div class=\"wp-block-columns eplus-wrapper is-layout-flex wp-container-core-columns-is-layout-9d6595d7 wp-block-columns-is-layout-flex eplus-styles-uid-a5f575\">\n<div class=\"ticss-0902dbbb wp-block-column eplus-wrapper is-layout-flow wp-block-column-is-layout-flow\">\n<div class=\"wp-block-getwid-advanced-spacer\" style=\"height:25px\" aria-hidden=\"true\"><\/div>\n\n\n\n<h4 class=\"wp-block-heading has-text-align-center eplus-wrapper\">1\/2 pensionnaire<\/h4>\n\n\n\n<p class=\"eplus-wrapper\"><\/p>\n\n\n\n<p class=\"eplus-zaIKXI has-text-align-center has-text-color eplus-wrapper\" style=\"color:#000000\">Repas<strong> 7\u20ac<\/strong><\/p>\n\n\n\n<p class=\"eplus-SsbxBk has-text-align-center has-text-color eplus-wrapper\" style=\"color:#000000\">Forfait 4 jours <strong>28 \u20ac<\/strong><\/p>\n<\/div>\n\n\n\n<div class=\"ticss-8e352c69 wp-block-column eplus-wrapper is-layout-flow wp-block-column-is-layout-flow\">\n<div class=\"wp-block-getwid-advanced-spacer\" style=\"height:25px\" aria-hidden=\"true\"><\/div>\n\n\n\n<h4 class=\"wp-block-heading has-text-align-center eplus-wrapper\">Pensionnaire<\/h4>\n\n\n\n<p class=\"eplus-gLONhX has-text-align-center has-text-color eplus-wrapper\" style=\"color:#000000\"> Repas <strong>6\u20ac<\/strong><\/p>\n\n\n\n<p class=\"eplus-TfOnRF has-text-align-center has-text-color eplus-wrapper\" style=\"color:#000000\">Petit-d\u00e9jeuner <strong>2\u20ac<\/strong><\/p>\n\n\n\n<p class=\"eplus-SBHl6w has-text-align-center has-text-color eplus-wrapper\" style=\"color:#000000\">Nuit\u00e9e <strong>8\u20ac<\/strong><\/p>\n\n\n\n<p class=\"eplus-U95ugG has-text-align-center has-text-color eplus-wrapper\" style=\"color:#000000\">Forfait 4 jours <strong>88\u20ac<\/strong><\/p>\n<\/div>\n\n\n\n<div class=\"ticss-98c92429 wp-block-column eplus-wrapper is-layout-flow wp-block-column-is-layout-flow\">\n<div class=\"wp-block-getwid-advanced-spacer\" style=\"height:25px\" aria-hidden=\"true\"><\/div>\n\n\n\n<h4 class=\"wp-block-heading has-text-align-center eplus-wrapper\">Stagiaire qualif. et requalif.<\/h4>\n\n\n\n<p class=\"eplus-gLONhX has-text-align-center has-text-color eplus-wrapper\" style=\"color:#000000\"> Repas <strong>7\u20ac<\/strong><\/p>\n\n\n\n<p class=\"eplus-TfOnRF has-text-align-center has-text-color eplus-wrapper\" style=\"color:#000000\">Petit-d\u00e9jeuner <strong>2\u20ac<\/strong><\/p>\n\n\n\n<p class=\"eplus-SBHl6w has-text-align-center has-text-color eplus-wrapper\" style=\"color:#000000\">Nuit\u00e9e <strong>20\u20ac<\/strong><\/p>\n\n\n\n<p class=\"eplus-U95ugG has-text-align-center has-text-color eplus-wrapper\" style=\"color:#000000\">H\u00e9bergement<strong> 60\u20ac<\/strong>\/semaine<\/p>\n<\/div>\n\n\n\n<div class=\"ticss-3c9d8025 wp-block-column eplus-wrapper is-layout-flow wp-block-column-is-layout-flow\">\n<div class=\"wp-block-getwid-advanced-spacer\" style=\"height:25px\" aria-hidden=\"true\"><\/div>\n\n\n\n<h4 class=\"wp-block-heading has-text-align-center eplus-wrapper\">Stagiaire en reconversion<\/h4>\n\n\n\n<p class=\"eplus-s1Qg1X has-text-align-center has-text-color eplus-wrapper\" style=\"color:#000000\">Chambre <strong>60\u20ac<\/strong>\/semaine<\/p>\n\n\n\n<p class=\"eplus-xlnDLO has-text-align-center has-text-color eplus-wrapper\" style=\"color:#000000\">Studio<strong> 280\u20ac<\/strong>\/mois<\/p>\n<\/div>\n\n\n\n<div class=\"ticss-76765f19 wp-block-column eplus-wrapper is-layout-flow wp-block-column-is-layout-flow\">\n<div class=\"wp-block-getwid-advanced-spacer\" style=\"height:25px\" aria-hidden=\"true\"><\/div>\n\n\n\n<h4 class=\"wp-block-heading has-text-align-center eplus-wrapper\">Personne ext\u00e9rieure<\/h4>\n\n\n\n<p class=\"eplus-WvVLUS has-text-align-center has-text-color eplus-wrapper\" style=\"color:#000000\">Repas <strong>12\u20ac<\/strong><\/p>\n\n\n\n<p class=\"eplus-Jtro1o has-text-align-center has-text-color eplus-wrapper\" style=\"color:#000000\">Chambre <strong>60\u20ac<\/strong>\/semaine<\/p>\n\n\n\n<p class=\"eplus-SaNqu5 has-text-align-center has-text-color eplus-wrapper\" style=\"color:#000000\">Studio <strong>280\u20ac<\/strong>\/mois<\/p>\n<\/div>\n<\/div>\n\n\n<div class=\"wp-block-getwid-advanced-spacer\" style=\"height:100px\" aria-hidden=\"true\"><\/div>","protected":false},"excerpt":{"rendered":"<p>Les apprentis peuvent \u00eatre accueillis en qualit\u00e9 de demi-pensionnaires (repas du midi) ou d&rsquo;internes (tous les repas et les nuits).Les&nbsp;BTS, les CQP peuvent avoir un r\u00e9gime am\u00e9nag\u00e9. H\u00e9bergement Le CFA Louis Prioux assure&nbsp;une&nbsp;prestation&nbsp;d\u2019h\u00e9bergement \u00e0 destination des apprenants.Les apprentis ne sont pas h\u00e9berg\u00e9s pendant leur semaine en entreprise, sauf \u00e9tude au cas par cas et en&hellip;&nbsp;<a href=\"https:\/\/www.cfa-europeen-louis-prioux.fr\/en\/hebergement-restauration\/\" rel=\"bookmark\">Read More &raquo;<span class=\"screen-reader-text\">H\u00e9bergement et restauration au CFA<\/span><\/a><\/p>","protected":false},"author":1,"featured_media":0,"parent":0,"menu_order":0,"comment_status":"closed","ping_status":"closed","template":"","meta":{"editor_plus_copied_stylings":"{}","kk_blocks_editor_width":"","_kiokenblocks_attr":"","_kiokenblocks_dimensions":"","neve_meta_sidebar":"full-width","neve_meta_container":"","neve_meta_enable_content_width":"on","neve_meta_content_width":100,"neve_meta_title_alignment":"","neve_meta_author_avatar":"","neve_post_elements_order":"","neve_meta_disable_header":"","neve_meta_disable_footer":"","neve_meta_disable_title":"","neve_meta_reading_time":"","_themeisle_gutenberg_block_has_review":false,"footnotes":""},"class_list":["post-1699","page","type-page","status-publish","hentry"],"featured_image_urls_v2":{"full":"","thumbnail":"","medium":"","medium_large":"","large":"","1536x1536":"","2048x2048":"","trp-custom-language-flag":"","neve-blog":"","woocommerce_thumbnail":"","woocommerce_single":"","woocommerce_gallery_thumbnail":"","awb_sm":"","awb_md":"","awb_lg":"","awb_xl":""},"post_excerpt_stackable_v2":"<p>Les apprentis peuvent \u00eatre accueillis en qualit\u00e9 de demi-pensionnaires (repas du midi) ou d&rsquo;internes (tous les repas et les nuits).Les&nbsp;BTS, les CQP peuvent avoir un r\u00e9gime am\u00e9nag\u00e9. H\u00e9bergement Le CFA Louis Prioux assure&nbsp;une&nbsp;prestation&nbsp;d\u2019h\u00e9bergement \u00e0 destination des apprenants.Les apprentis ne sont pas h\u00e9berg\u00e9s pendant leur semaine en entreprise, sauf \u00e9tude au cas par cas et en fonction des places disponibles.L&rsquo;internat est ferm\u00e9 le week-end.Le r\u00e8glement se fait par trimestre. Aucun changement de r\u00e9gime ne peut intervenir au cours du trimestre. Notre Internat en d\u00e9tails : \u00e0 partir de18h15 jusqu&rsquo;\u00e0 7h45 Horaires d\u2019ouverture 100 chambres (de 1 \u00e0 3 lits) plus 5&hellip;<\/p>\n","category_list_v2":"","author_info_v2":{"name":"admin","url":"https:\/\/www.cfa-europeen-louis-prioux.fr\/en\/author\/admin\/"},"comments_num_v2":"0 comments","_links":{"self":[{"href":"https:\/\/www.cfa-europeen-louis-prioux.fr\/en\/wp-json\/wp\/v2\/pages\/1699","targetHints":{"allow":["GET"]}}],"collection":[{"href":"https:\/\/www.cfa-europeen-louis-prioux.fr\/en\/wp-json\/wp\/v2\/pages"}],"about":[{"href":"https:\/\/www.cfa-europeen-louis-prioux.fr\/en\/wp-json\/wp\/v2\/types\/page"}],"author":[{"embeddable":true,"href":"https:\/\/www.cfa-europeen-louis-prioux.fr\/en\/wp-json\/wp\/v2\/users\/1"}],"replies":[{"embeddable":true,"href":"https:\/\/www.cfa-europeen-louis-prioux.fr\/en\/wp-json\/wp\/v2\/comments?post=1699"}],"version-history":[{"count":54,"href":"https:\/\/www.cfa-europeen-louis-prioux.fr\/en\/wp-json\/wp\/v2\/pages\/1699\/revisions"}],"predecessor-version":[{"id":4507,"href":"https:\/\/www.cfa-europeen-louis-prioux.fr\/en\/wp-json\/wp\/v2\/pages\/1699\/revisions\/4507"}],"wp:attachment":[{"href":"https:\/\/www.cfa-europeen-louis-prioux.fr\/en\/wp-json\/wp\/v2\/media?parent=1699"}],"curies":[{"name":"wp","href":"https:\/\/api.w.org\/{rel}","templated":true}]}}